{"id":311,"date":"2015-03-22T21:33:24","date_gmt":"2015-03-22T20:33:24","guid":{"rendered":"http:\/\/www.nadines-kunst.de\/?page_id=311"},"modified":"2020-02-14T22:31:10","modified_gmt":"2020-02-14T21:31:10","slug":"ausstellung-in-limburgerhof","status":"publish","type":"page","link":"http:\/\/www.nadines-kunst.de\/?page_id=311","title":{"rendered":"Ausstellung in Limburgerhof 2009"},"content":{"rendered":"<p><em><span style=\"font-family: Trebuchet MS,Geneva;\">Die Ausstellung mit Vernissage im Juni 2009 war sehr sch\u00f6n, da mein Mann eine wundersch\u00f6ne Rede hielt.<\/span><\/em><\/p>\n<hr \/>\n<p><em><span style=\"font-family: Trebuchet MS,Geneva;\">Hier die Rede meines Mannes: <a href=\"http:\/\/www.nadines-kunst.de\/wp-content\/uploads\/2015\/03\/Laudatio.doc\">Laudatio<\/a><\/span><\/em><\/p>\n<hr \/>\n<p>Hier die Einladung f\u00fcr unsere Freunde zur Ausstellung:<\/p>\n<p><a href=\"http:\/\/www.nadines-kunst.de\/wp-content\/uploads\/2015\/03\/plakat_vernissage.jpg\" rel=\"lightbox[311]\"><img loading=\"lazy\" class=\"alignnone wp-image-316 size-thumbnail\" src=\"http:\/\/www.nadines-kunst.de\/wp-content\/uploads\/2015\/03\/plakat_vernissage-150x150.jpg\" alt=\"plakat_vernissage\" width=\"150\" height=\"150\" \/><\/a><\/p>\n<hr \/>\n<div class=\"gmedia_gallery flipgrid_module is_bot\" id=\"GmediaGallery_7\" data-gmid=\"7\" data-module=\"flipgrid\"><style type='text\/css' class='gmedia_module_style_import'>@import url('http:\/\/www.nadines-kunst.de\/wp-content\/grand-media\/module\/flipgrid\/css\/style.css?v=1.4') all;<\/style>\n<noscript class=\"module_GmediaList\">\n\t<p>JavaScript is not enabled in your browser<\/p>\n<\/noscript>\n<script type=\"text\/javascript\">\n\tfunction gMediaListINIT()\n\t{\n\t\tvar id = 'gMediaList'+Math.floor((1 + Math.random()) * 0x10000);\n\t\tvar dataDIVs = document.body.getElementsByClassName('module_GmediaList');\n\t\tdataDIVs[dataDIVs.length-1].setAttribute('app-id', id);\n\t\tthis[id] = {'settings':{\"pagination\":\"1\",\"pagination_button_text\":\"Load more\",\"imagesPperPage\":\"10\",\"filterTag\":\"1\",\"activColor\":\"3498db\",\"reverseColor\":\"ffffff\",\"columns\":\"4\",\"thumbRecomendedSize\":\"150\",\"spaceX\":\"3\",\"spaceY\":\"3\",\"thumbTitleVisibility\":\"1\",\"lightboxBGColor\":\"ffffff\",\"socialShareEnabled\":\"1\",\"customCSS\":\"\"}, \"appQuery\":{\"orderby\":\"ID\",\"order\":\"DESC\",\"album__in\":\"7\",\"status\":[\"publish\"]}, \"appApi\":\"http:\\\/\\\/www.nadines-kunst.de\\\/?gmedia-app=1&gmappversion=4&gmmodule=1\"};\n\t}\n\tgMediaListINIT();\n <\/script><\/div>\n","protected":false},"excerpt":{"rendered":"<p>Die Ausstellung mit Vernissage im Juni 2009 war sehr sch\u00f6n, da mein Mann eine wundersch\u00f6ne Rede hielt. Hier die Rede meines Mannes: Laudatio Hier die Einladung f\u00fcr unsere Freunde zur Ausstellung:<\/p>\n","protected":false},"author":1,"featured_media":0,"parent":0,"menu_order":0,"comment_status":"open","ping_status":"open","template":"","meta":[],"_links":{"self":[{"href":"http:\/\/www.nadines-kunst.de\/index.php?rest_route=\/wp\/v2\/pages\/311"}],"collection":[{"href":"http:\/\/www.nadines-kunst.de\/index.php?rest_route=\/wp\/v2\/pages"}],"about":[{"href":"http:\/\/www.nadines-kunst.de\/index.php?rest_route=\/wp\/v2\/types\/page"}],"author":[{"embeddable":true,"href":"http:\/\/www.nadines-kunst.de\/index.php?rest_route=\/wp\/v2\/users\/1"}],"replies":[{"embeddable":true,"href":"http:\/\/www.nadines-kunst.de\/index.php?rest_route=%2Fwp%2Fv2%2Fcomments&post=311"}],"version-history":[{"count":8,"href":"http:\/\/www.nadines-kunst.de\/index.php?rest_route=\/wp\/v2\/pages\/311\/revisions"}],"predecessor-version":[{"id":1063,"href":"http:\/\/www.nadines-kunst.de\/index.php?rest_route=\/wp\/v2\/pages\/311\/revisions\/1063"}],"wp:attachment":[{"href":"http:\/\/www.nadines-kunst.de\/index.php?rest_route=%2Fwp%2Fv2%2Fmedia&parent=311"}],"curies":[{"name":"wp","href":"https:\/\/api.w.org\/{rel}","templated":true}]}}